{"id":776,"date":"2024-07-31T20:18:38","date_gmt":"2024-07-31T20:18:38","guid":{"rendered":"http:\/\/vfsoe.de\/BNE\/?page_id=776"},"modified":"2024-08-29T09:35:33","modified_gmt":"2024-08-29T09:35:33","slug":"programm-erfurt-2024","status":"publish","type":"page","link":"https:\/\/vfsoe.de\/BNE\/klimaschulethueringen\/programm-erfurt-2024\/","title":{"rendered":"Programm Erfurt 2024"},"content":{"rendered":"\n<p>Dieses Jahr sind wir mit unserer Klimaschule zu Gast im <strong><a href=\"https:\/\/stz-herrenberg.de\/\" target=\"_blank\" rel=\"noreferrer noopener\">Stadtteilzentrum Herrenberg<\/a><\/strong> (stz) und freuen uns auf eine Woche voller Veranstaltungen f\u00fcr die Nachbarschaften und alle engagierten ErfurterInnen und Erfurter.<\/p>\n\n\n\n<p class=\"has-medium-font-size\"><a href=\"#Pro-Montag\"><strong>Montag<\/strong><\/a> <strong>|<\/strong> <a href=\"#Pro-Dienstag\"><strong>Dienstag<\/strong><\/a> <strong>|<\/strong> <strong><a href=\"#Pro-Mittwoch\">Mittwoch<\/a><\/strong> <strong>|<\/strong> <strong><a href=\"#Pro-Donnerstag\">Donnerstag<\/a><\/strong> <strong>|<\/strong> <strong><a href=\"#Pro-Freitag\">Freitag<\/a><\/strong><\/p>\n\n\n\n<p>Folgende Veranstaltungen sind schon gesetzt:<\/p>\n\n\n\n<p>&#8212;&#8212;&#8212;&#8212;&#8212;&#8212;&#8212;&#8212;&#8212;&#8212;&#8212;&#8212;&#8212;&#8212;&#8212;&#8212;&#8212;&#8212;&#8212;&#8212;&#8212;&#8212;&#8212;&#8212;&#8212;&#8212;&#8212;&#8212;&#8212;&#8212;&#8212;&#8212;&#8212;&#8212;&#8212;&#8212;<\/p>\n\n\n\n<p class=\"has-large-font-size\" id=\"Pro-Montag\">Montag<\/p>\n\n\n\n<div style=\"height:30px\" aria-hidden=\"true\" class=\"wp-block-spacer\"><\/div>\n\n\n\n<p><strong>Montag, 02.09.2024<\/strong>, <strong>15-18 Uhr<\/strong><\/p>\n\n\n\n<p><strong>Interkultureller Dialog: Paradise lost?<\/strong> &#8211; <strong>Religionen und biologische Vielfalt<\/strong><\/p>\n\n\n\n<p>Referentinnen: Stephanie Krauch und Anne Feuerstein, <a href=\"https:\/\/abrahamisches-forum.de\/\" target=\"_blank\" rel=\"noreferrer noopener\">abrahamisches Forum<\/a>; Lea Hinze, Sprechen und Zuh\u00f6ren<\/p>\n\n\n\n<p>Die Natur zu achten und zu bewahren ist eine wesentliche Botschaft aller Religionen. Es gibt unz\u00e4hlige Mythen und Geschichten auf der Welt, die von dem verlorenen oder wiedergewonnen Respekt vor der Sch\u00f6pfung erz\u00e4hlen. Welche gibt es in deiner Kultur? Im gemeinsamen Gespr\u00e4ch teilen wir Geschichten aus vielen L\u00e4ndern und Kulturen und entdecken Gemeinsamkeiten. Komm und erz\u00e4hl uns deine Geschichte.<\/p>\n\n\n\n<div style=\"height:30px\" aria-hidden=\"true\" class=\"wp-block-spacer\"><\/div>\n\n\n\n<p><strong>Montag, 02.09.2024<\/strong>, 15-18 Uhr<\/p>\n\n\n\n<p><strong>Permakulturworkshop im Garten des stz<\/strong><\/p>\n\n\n\n<p>Referentin: <a href=\"https:\/\/www.zukunftsfaehig.org\/team\/nesrin-caglak\/\" target=\"_blank\" rel=\"noreferrer noopener\">Nesrin Caglak<\/a>, G\u00e4rtnerin und Permakulturdesignerin<\/p>\n\n\n\n<p>Permakultur nimmt nat\u00fcrliche \u00d6kosysteme zum Vorbild, um diese z. B. im Garten nachzuahmen. Somit ist die Permakultur ein faszinierendes Werkzeug um die eigene Welt zu ver\u00e4ndern. Referentin Nesrin wird die Grundlagen der Permakultur, ihre Ethik und die Prinzipien vorstellen. Im Anschluss wird im Gemeinschaftsgarten Herrenberg die M\u00f6glichkeit gegeben, das Gelernte zu betrachten und in Gemeinschaft auszuprobieren. Dabei werden wir besonders auf folgende Aspekte bzw. Methoden der Gartengestaltung eingehen:<\/p>\n\n\n\n<ul class=\"wp-block-list\"><li>Wassermanagement<\/li><li>&nbsp;Fruchtfolgen<\/li><li>&nbsp;Mischkultur und Fruchtfolge<\/li><li>&nbsp;F\u00f6rderung der Biodiversit\u00e4t<\/li><\/ul>\n\n\n\n<div style=\"height:30px\" aria-hidden=\"true\" class=\"wp-block-spacer\"><\/div>\n\n\n\n<p><strong><strong>Montag, 02.09.2024<\/strong>, <strong>15-18 Uhr<\/strong><\/strong><\/p>\n\n\n\n<p><strong>Insektenhotel bauen f\u00fcr Balkon und Garten<\/strong><\/p>\n\n\n\n<p>Workshopleitung Frank Brinkman<\/p>\n\n\n\n<p>Viele Insekten sind heutzutage vom Aussterben bedroht \u2013 zum Beispiel die Biene. Es gibt sehr viele Bienenarten, n\u00e4mlich alleine \u00fcber 500 in Deutschland. Und nur die Honigbiene wohnt in einem Bienenstock, wie wir ihn kennen. Die anderen Arten sind Wildbienen, die meistens solit\u00e4r leben. Gerade f\u00fcr diese Bienen ist es sehr schwierig, einen geeigneten Nistplatz zu finden. In urbanen Gegenden sind die G\u00e4rten zu aufger\u00e4umt, um den Bienen Schutz zu bieten. Deshalb geht der Trend zum selbstgebauten Insektenhotel (auch Bienenhotel genannt). Auch auf dem Balkon findet ein Insektenhotel seinen Platz. Mach dir keine Sorgen: Die Wildbienen sind als Einzelg\u00e4nger sehr vorsichtig und gehen normalerweise jeder Konfrontation aus dem Weg.<\/p>\n\n\n\n<div style=\"height:30px\" aria-hidden=\"true\" class=\"wp-block-spacer\"><\/div>\n\n\n\n<p><strong>Montag, 02.09.2024<\/strong>, <strong>18:15\u201320:00<\/strong><\/p>\n\n\n\n<p><strong><a href=\"https:\/\/www.theweek.ooo\/\" target=\"_blank\" rel=\"noreferrer noopener\">The Week <\/a>Teil 1<\/strong>: <strong>3 Filme . 3 Gespr\u00e4che . Gemeinsam mit Anderen. <\/strong>       Um die globale Krise unserer Zeit anzupacken.<\/p>\n\n\n\n<p><strong><em>The Week<\/em><\/strong> betrachtet den Klimanotstand aus der Perspektive, wie wir in den n\u00e4chsten 30 Jahren konkret davon betroffen sein werden. Wir sprechen nicht \u00fcber die Polarkappen, sondern \u00fcber uns selbst, unser Leben.<\/p>\n\n\n\n<p><strong><em>The Week<\/em><\/strong> ist eine Gruppenerfahrung mit drei Dokumentarfilmen und geleiteten Gespr\u00e4chen, um gemeinsam die Umweltkrise anzugehen und einen kraftvollen Impuls f\u00fcr kollektives Handeln zu schaffen.<\/p>\n\n\n\n<p>Tausende Menschen haben <strong><em>The Week<\/em><\/strong> bereits gemacht und erz\u00e4hlen, was f\u00fcr ein unvergessliches Erlebnis es ist! Am Anfang ist es schwer, aber dann wird es unglaublich kraftvoll. Das Gespr\u00e4ch ist das Herzst\u00fcck dieser Erfahrung. Zu oft f\u00fchlt sich dieses Thema abstrakt und \u00fcberw\u00e4ltigend an. <strong><em>The Week<\/em><\/strong> ist eine M\u00f6glichkeit, uns wirklich mit diesem Thema auseinanderzusetzen. Uns wird nicht gesagt, was wir tun sollen, sondern wir werden dazu ermutigt unsere eigene Entscheidungen zu treffen.<\/p>\n\n\n\n<p>&#8212;&#8212;&#8212;&#8212;&#8212;&#8212;&#8212;&#8212;&#8212;&#8212;&#8212;&#8212;&#8212;&#8212;&#8212;&#8212;&#8212;&#8212;&#8212;&#8212;&#8212;&#8212;&#8212;&#8212;&#8212;&#8212;&#8212;&#8212;&#8212;&#8212;&#8212;&#8212;&#8212;&#8212;&#8212;&#8212;&#8212;&#8211;<\/p>\n\n\n\n<p class=\"has-large-font-size\" id=\"Pro-Dienstag\"><strong>Dienstag<\/strong><\/p>\n\n\n\n<div style=\"height:30px\" aria-hidden=\"true\" class=\"wp-block-spacer\"><\/div>\n\n\n\n<p><strong>Di, 03.09. 2024, 15-18 Uhr <\/strong><\/p>\n\n\n\n<p><strong>Zukunftsquiz: A, B oder Zukunft?<\/strong><\/p>\n\n\n\n<p>Referentin: Dorothea M\u00fcller Boenig,<a href=\"https:\/\/omasforfuture.de\/\" target=\"_blank\" rel=\"noreferrer noopener\"> Omas for Future<\/a><\/p>\n\n\n\n<p>Erde, Gesundheit und Geldbeutel gleichzeitig schonen? Geht das?! Beim Zukunftsquiz lernst du mit jeder Frage was Neues. \u201eWer wird Million\u00e4r?\u201c war gestern \u2013 mit Spiel und Spa\u00df lernst du eine lebenswerte Zukunft kennen. Omas for Future ist ein bundesweite Bewegung der Generation 50+, Nicht alle sind Omas oder Opas. Sie suchen auch Mitstreiterinnen in Erfurt, z.B. um das Quiz mit anderen zu spielen<\/p>\n\n\n\n<div style=\"height:30px\" aria-hidden=\"true\" class=\"wp-block-spacer\"><\/div>\n\n\n\n<p><strong>Di, 03.09. 2024,<\/strong> <strong>15\u201318 Uhr <\/strong><\/p>\n\n\n\n<p><strong>Kaddas Sauberzauber &#8211; 5 Hausmittel ersetzen Chemie<\/strong><\/p>\n\n\n\n<p>Workshopleitung: Katharina Hartmann DIY Workshop.<\/p>\n\n\n\n<p>Kosmetik und Haushaltsreiniger schnell und einfach selbst herstellen macht Spa\u00df und sch\u00fctzt das Wasser und den Geldbeutel. Au\u00dferdem werden die Potentiale einiger Universalgenies wie Natron, Soda und Essig im Haushalt vorgestellt und ausprobiert. Bitte leere und saubere Spr\u00fchflasche mitbringen.<\/p>\n\n\n\n<div style=\"height:30px\" aria-hidden=\"true\" class=\"wp-block-spacer\"><\/div>\n\n\n\n<p><strong>Di, 03.09. 2024,<\/strong> <strong>16:30 <\/strong><\/p>\n\n\n\n<p><strong>Eine Welt ohne M\u00fcll! Ein Stadtspaziergang<\/strong><\/p>\n\n\n\n<p>Wie wir mit guten Kreisl\u00e4ufen Mehrwerte f\u00fcr alle schaffen k\u00f6nnen<\/p>\n\n\n\n<p>Referentin Sophie Pallaske, <a href=\"https:\/\/c2c.ngo\/\" target=\"_blank\" rel=\"noreferrer noopener\">Cradle to Cradle<\/a><\/p>\n\n\n\n<p>Eine Welt ohne M\u00fcll? Cradle to Cradle bedeutet \u201eVon der Wiege zur Wiege\u201c und zielt auf ein kreislauff\u00e4higes Wirtschaften ab. Nach dem Vorbild der Natur soll jeglicher Abfall auch bei uns Rohstoff sein. Die Vision ist, nicht nur (klima-)neutral zu sein, sondern gro\u00dfe positive Handabdr\u00fccke zu hinterlassen: \u00d6kologisch, \u00f6konomisch und sozial. Dabei steht der Mensch als N\u00fctzling statt als Sch\u00e4dling im Fokus. Bei dem Spazierganges m\u00f6chten wir euch die Vision und das Designkonzept des Prinzips an anschaulichen Beispielen Stadtteil Herrenberg n\u00e4herbringen.<\/p>\n\n\n\n<div style=\"height:30px\" aria-hidden=\"true\" class=\"wp-block-spacer\"><\/div>\n\n\n\n<p><strong>Di, 03.09. 2024,<\/strong> <strong>17:00 <\/strong><\/p>\n\n\n\n<p><strong>THEGA Feierabend Talk<\/strong> &#8211; <strong>Heizung umr\u00fcsten: Das sollten Sie wissen.<\/strong><\/p>\n\n\n\n<p>Webinar, Referent Stephan Panhans online zugeschaltet.<\/p>\n\n\n\n<p>Das Geb\u00e4ude-Energie-Gesetz (GEG) legt die energetischen Anforderungen f\u00fcr Geb\u00e4ude fest. Was hei\u00dft das f\u00fcr Ihr Haus und Ihre Heizung? Was bedeutet die kommunale W\u00e4rmeplanung f\u00fcr Sie? Unsere Experten erkl\u00e4ren, worauf es beim Heizungstausch ankommt, welche Herausforderungen speziell f\u00fcr Bestandsgeb\u00e4ude bestehen und welche F\u00f6rdermittel es gibt.<\/p>\n\n\n\n<div style=\"height:30px\" aria-hidden=\"true\" class=\"wp-block-spacer\"><\/div>\n\n\n\n<p><strong>Di, 03.09. 2024,<\/strong> <strong>18:15 \u2013 20:00<\/strong><\/p>\n\n\n\n<p><strong><a href=\"https:\/\/www.theweek.ooo\/\" target=\"_blank\" rel=\"noreferrer noopener\">The Week <\/a>Teil 2<\/strong>: <strong>3 Filme . 3 Gespr\u00e4che . Gemeinsam mit Anderen.<\/strong><\/p>\n\n\n\n<p>Um die globale Krise unserer Zeit anzupacken.<\/p>\n\n\n\n<p><strong><em>The Week<\/em><\/strong> betrachtet den Klimanotstand aus der Perspektive, wie wir in den n\u00e4chsten 30 Jahren konkret davon betroffen sein werden. Wir sprechen nicht \u00fcber die Polarkappen, sondern \u00fcber uns selbst, unser Leben.<\/p>\n\n\n\n<p><strong><em>The Week<\/em><\/strong> ist eine Gruppenerfahrung mit drei Dokumentarfilmen und geleiteten Gespr\u00e4chen, um gemeinsam die Umweltkrise anzugehen und einen kraftvollen Impuls f\u00fcr kollektives Handeln zu schaffen.<\/p>\n\n\n\n<p>Tausende Menschen haben <strong><em>The Week<\/em><\/strong> bereits gemacht und erz\u00e4hlen, was f\u00fcr ein unvergessliches Erlebnis es ist! Am Anfang ist es schwer, aber dann wird es unglaublich kraftvoll. Das Gespr\u00e4ch ist das Herzst\u00fcck dieser Erfahrung. Zu oft f\u00fchlt sich dieses Thema abstrakt und \u00fcberw\u00e4ltigend an. <strong><em>The Week<\/em><\/strong> ist eine M\u00f6glichkeit, uns wirklich mit diesem Thema auseinanderzusetzen. Uns wird nicht gesagt, was wir tun sollen, sondern wir werden dazu ermutigt unsere eigene Entscheidungen zu treffen.<\/p>\n\n\n\n<p>&#8212;&#8212;&#8212;&#8212;&#8212;&#8212;&#8212;&#8212;&#8212;&#8212;&#8212;&#8212;&#8212;&#8212;&#8212;&#8212;&#8212;&#8212;&#8212;&#8212;&#8212;&#8212;&#8212;&#8212;&#8212;&#8212;&#8212;&#8212;&#8212;&#8212;&#8212;&#8212;&#8212;&#8212;&#8212;&#8212;&#8212;&#8212;&#8211;<\/p>\n\n\n\n<p class=\"has-large-font-size\" id=\"Pro-Mittwoch\"><strong>Mittwoch<\/strong><\/p>\n\n\n\n<div style=\"height:30px\" aria-hidden=\"true\" class=\"wp-block-spacer\"><\/div>\n\n\n\n<p><strong>Mi, 04.09.2024, 15-18 Uhr<\/strong><\/p>\n\n\n\n<p><strong>Reduce \u2013 Re:Use \u2013 Repair<\/strong><\/p>\n\n\n\n<p>Allein die Modeindustrie ist f\u00fcr 10% aller globalen Treibhausgase verantwortlich. In Deutschland werden j\u00e4hrlich 500.000 Tonnen Altkleider weggeworfen und es ist nahezu unm\u00f6glich Kleidung zu recyclen, also aus alter Kleidung neue herzustellen, sodass&nbsp;unsere Altkleiderberge in anderen L\u00e4ndern zu Armut und Umweltkatastrophen f\u00fchren. Mit drei einfachen Ideen wollen wir helfen Kleidung l\u00e4nger zu nutzen:<\/p>\n\n\n\n<p><strong>Kleider tauschen:<\/strong> Neues ausprobieren ohne kaufen: Bring ein paar saubere und tragbare Sachen aus deinem Kleiderschrank mit, die du nicht mehr benutzt und tausche sie bei uns mit Anderen.<\/p>\n\n\n\n<p><strong>Aufpeppen mit Siebdruck von Liebewicht: <\/strong>Conny Lohse druckt mit und f\u00fcr euch auf eure Textilien aus Baumwolle oder Viskose. Du kannst deine eigenen Sachen oder frisch Eingetauschte hier zum absoluten Lieblingsst\u00fcck aufpeppen<\/p>\n\n\n\n<p><strong>Reparieren und verzieren im N\u00e4hcaf\u00e9:<\/strong> mit Maria Oldenb\u00fcrger kannst du ausprobieren und lernen Sachen an der N\u00e4hmaschine zu \u00e4ndern, anzupassen oder zu verzieren.<\/p>\n\n\n\n<div style=\"height:30px\" aria-hidden=\"true\" class=\"wp-block-spacer\"><\/div>\n\n\n\n<p><strong>Mi, 04.09.2024,<\/strong> <strong>18:15\u201320:00<\/strong><\/p>\n\n\n\n<p><strong><a href=\"https:\/\/www.theweek.ooo\/\" target=\"_blank\" rel=\"noreferrer noopener\">The Week <\/a>Teil 2<\/strong>: <strong>3 Filme . 3 Gespr\u00e4che . Gemeinsam mit Anderen.<\/strong> Um die globale Krise unserer Zeit anzupacken.<\/p>\n\n\n\n<p><strong><em>The Week<\/em><\/strong> betrachtet den Klimanotstand aus der Perspektive, wie wir in den n\u00e4chsten 30 Jahren konkret davon betroffen sein werden. Wir sprechen nicht \u00fcber die Polarkappen, sondern \u00fcber uns selbst, unser Leben.<\/p>\n\n\n\n<p><strong><em>The Week<\/em><\/strong> ist eine Gruppenerfahrung mit drei Dokumentarfilmen und geleiteten Gespr\u00e4chen, um gemeinsam die Umweltkrise anzugehen und einen kraftvollen Impuls f\u00fcr kollektives Handeln zu schaffen.<\/p>\n\n\n\n<p>&#8212;&#8212;&#8212;&#8212;&#8212;&#8212;&#8212;&#8212;&#8212;&#8212;&#8212;&#8212;&#8212;&#8212;&#8212;&#8212;&#8212;&#8212;&#8212;&#8212;&#8212;&#8212;&#8212;&#8212;&#8212;&#8212;&#8212;&#8212;&#8212;&#8212;&#8212;&#8212;&#8212;&#8212;&#8212;&#8212;&#8212;&#8212;<\/p>\n\n\n\n<p class=\"has-large-font-size\" id=\"Pro-Donnerstag\"><strong>Donnerstag<\/strong><\/p>\n\n\n\n<div style=\"height:30px\" aria-hidden=\"true\" class=\"wp-block-spacer\"><\/div>\n\n\n\n<p><strong>Do, 05. 09.2024, 15-18 Uhr<\/strong><\/p>\n\n\n\n<p><strong>Balkonsolar und B\u00fcrgerstrom<\/strong><\/p>\n\n\n\n<p>Infostand, Die Ilmtaler.<\/p>\n\n\n\n<p>Strom aus der Region mit der <a href=\"https:\/\/ilmtal-eg.thueringer-landstrom.de\/start-ilmtal-eg.html\" target=\"_blank\" rel=\"noreferrer noopener\">Energiegenossenschaft Ilmtal eG.<\/a> einem regionalen Energieversorgungsunternehmen mit Sitz in Weimar. Wir machen Energiewende mit Menschen aus der Region f\u00fcr die Region und damit mit regionaler Wertsch\u00f6pfung.<\/p>\n\n\n\n<p>Das Besondere? Jedes Mitglied ist bei uns Miteigent\u00fcmer:in des Unternehmens &#8211; erzeugt regionalen gr\u00fcnen Strom und kann sich mit diesem auch beliefern lassen. Diese Idee braucht keine anonymen Gro\u00dfkonzerne, wir stellen unseren \u00d6kostrom selbst her und zeigen Ihnen mit einem Balkonkraftwerk zum Anschauen, wie sie das auch machen k\u00f6nnen. F\u00fcr ihre Fragen rund um das Thema Balkonsolar stehen wir zur Verf\u00fcgung.<\/p>\n\n\n\n<p><\/p>\n\n\n\n<p><strong>Do, 05. 09.2024, 15-18 Uhr<\/strong><\/p>\n\n\n\n<p><strong>Hitzespots am Herrenberg <\/strong><\/p>\n\n\n\n<p>Ein Thermografiepaziergang zu Beton und Gr\u00fcnfl\u00e4chen im Stadtteil. Wie wirkt sich Stadtplanung an Hitzetagen auf das Mikroklima aus und was sind die Folgen? Was k\u00f6nnte man anders machen? Birgit Meusel von Mehrwertstadt und Jan Strebel von den Stadtwerken begleiten euch mit einer W\u00e4rmebildkamera zu euren Pl\u00e4tzen im Stadtteil.<\/p>\n\n\n\n<p><\/p>\n\n\n\n<p><strong>Do, 05. 09.2024, 15-18 Uhr<\/strong><\/p>\n\n\n\n<p><strong>Projekt<\/strong> <strong>Biotopvernetzung in Erfurt<\/strong><\/p>\n\n\n\n<p>Dr. Cindy V\u00f6ller. Vernetzung und Erhalt der Lebensr\u00e4ume von Pflanzen und Tieren ist ein essenzieller Beitrag f\u00fcr die biologische Vielfalt. Bahntrassen k\u00f6nnen hierbei als Trittsteine oder Korridore fungieren. In dem gef\u00f6rderten Projekt erprobt die Stadt Erfurt zusammen mit der Deutschen Bahn wie eine kluge Mehrfachnutzung dieser innerst\u00e4dtische Fl\u00e4chen gelingen kann.<br>An unserem Stand informieren wir &#8222;spielend&#8220; \u00fcber das Projekt und den Artenschutz!<\/p>\n\n\n\n<p><strong>Do, 05. 09.2024, 15-18 Uhr<\/strong><\/p>\n\n\n\n<p><strong>Repaircaf\u00e9 S\u00fcd-Ost<\/strong><\/p>\n\n\n\n<p>wie funktioniert ein Repaircaf\u00e9? Das Repaircaf\u00e9 S\u00fcd-Ost stellt sich vor<\/p>\n\n\n\n<div style=\"height:30px\" aria-hidden=\"true\" class=\"wp-block-spacer\"><\/div>\n\n\n\n<p><strong>Do, 05. 09.2024, 18:15 \u2013 20:00<\/strong><\/p>\n\n\n\n<p><strong>Film: Tomorrow \u2013 die Welt ist voller L\u00f6sungen<\/strong><\/p>\n\n\n\n<p>f\u00fcr ihren mitrei\u00dfenden <a href=\"https:\/\/www.tomorrow-derfilm.de\/\" target=\"_blank\" rel=\"noreferrer noopener\">Dokumentarfilm<\/a> reisten Melanie Laurent und Cyril Dion in zehn L\u00e4nder.&nbsp; Was sie finden sind Antworten auf die dringlichsten Fragen unserer Zeit. Wie bei einem Puzzle wird bald klar, dass erst die Summe der L\u00f6sungsans\u00e4tze das Bild einer anderen Zukunft zeichnet.<\/p>\n\n\n\n<p>Frankreich 2025, 116 min.; Es gibt Popcorn \ud83d\ude42<\/p>\n\n\n\n<p>&#8212;&#8212;&#8212;&#8212;&#8212;&#8212;&#8212;&#8212;&#8212;&#8212;&#8212;&#8212;&#8212;&#8212;&#8212;&#8212;&#8212;&#8212;&#8212;&#8212;&#8212;&#8212;&#8212;&#8212;&#8212;&#8212;&#8212;&#8212;&#8212;&#8212;&#8212;&#8212;&#8212;&#8212;&#8212;&#8212;&#8212;-<\/p>\n\n\n\n<p class=\"has-large-font-size\" id=\"Pro-Freitag\">Freitag<\/p>\n\n\n\n<div style=\"height:30px\" aria-hidden=\"true\" class=\"wp-block-spacer\"><\/div>\n\n\n\n<p><strong>Fr, 06.09.2024, 15 Uhr<\/strong><\/p>\n\n\n\n<p><strong>Puppentheater<\/strong>: <strong>Eine Ostseefahrt ist lustig<\/strong><\/p>\n\n\n\n<p>Heike Kammer, 90 min<\/p>\n\n\n\n<p>Zwei Kinder treffen sich im Urlaub am Ostseestrand. Sie laden euch ein zu einer Abenteuerreise. Ihr werdet eine Insel entdecken mit K\u00f6nigskindern, die ihren M\u00fcll ins Wasser werfen und eine Insel mit Fischerkindern, die nur M\u00fcll und tote Fische fangen. Gemeinsam mit den Figuren im Puppenspiel sorgt ihr f\u00fcr ein sauberes Meer mit gesunden Meerestieren. Im Anschluss gemeinsame M\u00fcllsammelaktion im Rahmen des World Clean Up Day.<\/p>\n\n\n\n<div style=\"height:30px\" aria-hidden=\"true\" class=\"wp-block-spacer\"><\/div>\n\n\n\n<p><strong>Fr, 06.09.2024,<\/strong> <strong>14 \u2013 17 Uhr<\/strong><\/p>\n\n\n\n<p><strong>Markt der M\u00f6glichkeiten mit Infost\u00e4nden:<\/strong><\/p>\n\n\n\n<ul class=\"wp-block-list\"><li><a href=\"https:\/\/teilauto.net\/\" target=\"_blank\" rel=\"noreferrer noopener\"><strong>Te<\/strong><\/a><strong><a href=\"https:\/\/teilauto.net\/\" target=\"_blank\" rel=\"noreferrer noopener\">ilAuto e.V.<\/a> &#8211; Mobil ohne eigenes Auto<\/strong><\/li><\/ul>\n\n\n\n<p>Regionalleiter Christian Vollrath<\/p>\n\n\n\n<p>Carsharing ist ein wichtiger Bestandteil der Verkehrswende von vielen und funktioniert am besten in Kombination mit dem \u00d6ffentlichen, dem Rad- und Fu\u00dfverkehr. In Erfurt ist ein Umdenken zu sp\u00fcren: So kann man mit EVAG Abo Verg\u00fcnstigungen auf Teilautos bekommen und Carsharing-Stationen nehmen zu. Dadurch entsteht f\u00fcr alle mehr Platz, da jedes TeilAuto ca 9 private PKW ersetzt. Stellen sie ihre Fragen oder werden sie gleich Mitglied.<\/p>\n\n\n\n<ul class=\"wp-block-list\"><li><strong><a href=\"https:\/\/ella-lastenrad.de\/\" target=\"_blank\" rel=\"noreferrer noopener\">Ella Lastenrad <\/a>&#8211; Lastenr\u00e4der probefahren<\/strong><\/li><\/ul>\n\n\n\n<p>Florian Nowak<\/p>\n\n\n\n<p>Ella steht f\u00fcr \u201eErfurts langersehntes Lastenrad\u201c. Wir sind Erfurts erste Initiative f\u00fcr freie Lastenfahrr\u00e4der. Ella erm\u00f6glicht dir die kostenfreie Ausleihe eines Lastenrades an verschiedenen Orten in der Innenstadt. Mit Ella wollen wir zeigen, wie autofreies Leben in der Stadt funktionieren kann.<\/p>\n\n\n\n<ul class=\"wp-block-list\"><li><strong><a href=\"https:\/\/foodsharing.de\/\" target=\"_blank\" rel=\"noreferrer noopener\">Foodsharing<\/a> &#8211; Lebensmittel retten statt wegwerfen.<\/strong><\/li><\/ul>\n\n\n\n<p>Freya Streubel<\/p>\n\n\n\n<p>Foodsharing setzt sich gegen den achtlosen Umgang mit Ressourcen und f\u00fcr ein nachhaltiges Ern\u00e4hrungssystem einmit dem Ziel, die Verschwendung von genie\u00dfbaren Lebensmitteln zu beenden. Darum werden wir vor Ort aktiv: Wir retten Lebensmittel von Betrieben, stehen im Dialog mit der Politik und tragen unsere Vision in die Welt hinaus. Willst du mitmachen?<\/p>\n\n\n\n<div style=\"height:30px\" aria-hidden=\"true\" class=\"wp-block-spacer\"><\/div>\n\n\n\n<p><strong>Fr, 06.09.2024,<\/strong> <strong>16:30 <\/strong><\/p>\n\n\n\n<p><strong>World Cleanup Aktion<\/strong><\/p>\n\n\n\n<h5 class=\"wp-block-heading\"><a href=\"https:\/\/worldcleanupday.de\/veranstaltungen\/klimaschule-erfurt-thueringen\/\" target=\"_blank\" rel=\"noreferrer noopener\">Die Welt r\u00e4umt auf. Herrenberg macht mit.<\/a><\/h5>\n\n\n\n<p>Gemeinsam f\u00fcr eine saubere, gesunde und plastikm\u00fcllfreie Zukunft<\/p>\n\n\n\n<p>Der World Cleanup Day am 20 Sept. ist die gr\u00f6\u00dfte Bottom-Up-B\u00fcrgerbewegung der Welt zur Beseitigung von Umweltverschmutzung.<\/p>\n\n\n\n<p>2023 beteiligten sich 19 Millionen Menschen weltweit in \u00fcber 190 L\u00e4ndern. Sie setzten durch ihre M\u00fcllsammelaktionen ein starkes Zeichen f\u00fcr eine saubere, gesunde und m\u00fcllfreie Welt.<\/p>\n\n\n\n<p>Mach mit und befreie heute mit uns Stra\u00dfen und Parks am Herrenberg von achtlos liegen gebliebenen Abfall.<\/p>\n","protected":false},"excerpt":{"rendered":"<p>Dieses Jahr sind wir mit unserer Klimaschule zu Gast im Stadtteilzentrum Herrenberg (stz) und freuen uns auf eine Woche voller Veranstaltungen f\u00fcr die Nachbarschaften und alle engagierten ErfurterInnen und Erfurter. Montag | Dienstag | Mittwoch | Donnerstag | Freitag Folgende Veranstaltungen sind schon gesetzt: &#8212;&#8212;&#8212;&#8212;&#8212;&#8212;&#8212;&#8212;&#8212;&#8212;&#8212;&#8212;&#8212;&#8212;&#8212;&#8212;&#8212;&#8212;&#8212;&#8212;&#8212;&#8212;&#8212;&#8212;&#8212;&#8212;&#8212;&#8212;&#8212;&#8212;&#8212;&#8212;&#8212;&#8212;&#8212;&#8212; Montag Montag, 02.09.2024, 15-18 Uhr Interkultureller Dialog: Paradise lost? &#8211; [&hellip;]<\/p>\n","protected":false},"author":3,"featured_media":0,"parent":4,"menu_order":0,"comment_status":"closed","ping_status":"closed","template":"","meta":{"footnotes":""},"class_list":["post-776","page","type-page","status-publish","hentry"],"_links":{"self":[{"href":"https:\/\/vfsoe.de\/BNE\/wp-json\/wp\/v2\/pages\/776","targetHints":{"allow":["GET"]}}],"collection":[{"href":"https:\/\/vfsoe.de\/BNE\/wp-json\/wp\/v2\/pages"}],"about":[{"href":"https:\/\/vfsoe.de\/BNE\/wp-json\/wp\/v2\/types\/page"}],"author":[{"embeddable":true,"href":"https:\/\/vfsoe.de\/BNE\/wp-json\/wp\/v2\/users\/3"}],"replies":[{"embeddable":true,"href":"https:\/\/vfsoe.de\/BNE\/wp-json\/wp\/v2\/comments?post=776"}],"version-history":[{"count":25,"href":"https:\/\/vfsoe.de\/BNE\/wp-json\/wp\/v2\/pages\/776\/revisions"}],"predecessor-version":[{"id":927,"href":"https:\/\/vfsoe.de\/BNE\/wp-json\/wp\/v2\/pages\/776\/revisions\/927"}],"up":[{"embeddable":true,"href":"https:\/\/vfsoe.de\/BNE\/wp-json\/wp\/v2\/pages\/4"}],"wp:attachment":[{"href":"https:\/\/vfsoe.de\/BNE\/wp-json\/wp\/v2\/media?parent=776"}],"curies":[{"name":"wp","href":"https:\/\/api.w.org\/{rel}","templated":true}]}}