{"id":108,"date":"2018-06-12T12:18:15","date_gmt":"2018-06-12T12:18:15","guid":{"rendered":"http:\/\/vfsoe.de\/?page_id=108"},"modified":"2018-12-18T07:28:06","modified_gmt":"2018-12-18T07:28:06","slug":"publikationen","status":"publish","type":"page","link":"https:\/\/vfsoe.de\/?page_id=108","title":{"rendered":"Publikationen"},"content":{"rendered":"<h3 class=\"entry-title\">\u00d6konomische Dimension des Friedens: Soziale Solidarische \u00d6konomie<\/h3>\n<p>\u201eUnser Buch \u201eDie \u00f6konomische Dimension des Friedens: Soziale Solidarische \u00d6konomie\u201c zeigt auf, wie Instrumente, Organisationsformen und Methoden verschiedener Akteure zu einer Inklusion beitragen k\u00f6nnen. Dies ist wichtig f\u00fcr ganz Europa.<br>Auch kann man darin sehen, wie das vor Ort von regionalen Initiativen vorangetrieben wird und wie es perspektivisch mit den weltweiten Bewegungen f\u00fcr Frieden, Erhalt der Erdatmosph\u00e4re und Vielfalt verbunden ist.<br>Wir zeigen darin auf, dass am Ursprung der Arbeiter- sowie auch der christlichen Bewegungen die Solidarit\u00e4t grundlegend war f\u00fcr kulturelle gesellschaftliche Prozesse.\u201c<\/p>\n<p><a href=\"http:\/\/www.upress.uni-kassel.de\/katalog\/abstract.php?978-3-7376-0394-2\">zur Bestellung<\/a><\/p>\n<hr>\n<h1>Schritte auf dem Weg zur Solidarischen \u00d6konomie<\/h1>\n<div id=\"c16014\" class=\"csc-default\">\n<div class=\"div3\">\n<p>Dies ist die Publikation der internationalen Tagung&nbsp;&#8222;Schritte auf dem Weg zur Solidarischen \u00d6konomie&#8220; in Imshausen.<\/p>\n<p>Themen und G\u00e4ste waren: Lernende aus den Sozialwissenschaften (Soziologie, Politologie, \u00d6konomie) und Akteure aus Gewerkschaften, IG Metall. Wir hatten Teilnehmer aus Deutschland und den Vereinigten Staaten von Amerika. Wir hatten G\u00e4ste aus internationalen, europ\u00e4ischen und nationalen Genossenschaftsverb\u00e4nden, sowie aus regionalen Vereinen und Nicht-Regierungs-Organisationen. Aus den USA war Carl Davidson aus dem Center for Labour and Community Research, dem nordamerikanischen Solidarity Economy Net, ATTAC, VFSOE sowie vom Institut f\u00fcr Europ\u00e4ische Kommunikation und Forum Neue Politik der Arbeit e.V..<\/p>\n<p><a href=\"http:\/\/www.uni-kassel.de\/upress\/online\/frei\/978-3-86219-130-7.volltext.frei.pdf\">PDF download<\/a><\/p>\n<\/div>\n<\/div>\n<hr>\n<h3>Atlas der Solidarischen \u00d6konomie in Nordhessen<\/h3>\n<div id=\"c16014\" class=\"csc-default\">\n<h4 class=\"UTitel\">Strategie f\u00fcr eine nachhaltige Zukunft<\/h4>\n<p>Der Atlas der Solidarischen \u00d6konomie in Nordhessen ist das Ergebnis der Kartierung Solidarischer Wirtschaftsunternehmen (SWU) und Einrichtungen zur Unterst\u00fctzung, Beratung und F\u00f6rderung Solidarischer \u00d6konomie (EUF) in Nordhessen, die von Juli 07 bis Juli 08 von dem ESF-Projektteam Solidarische \u00d6konomie \u2013 Kartierung und Gr\u00fcndungsberatung an der Universit\u00e4t Kassel in Kooperation mit dem Regionalen Nachhaltigkeitsforum Nordhessen (RNF) und dem Verein zur F\u00f6rderung der Solidarischen \u00d6konomie e.V. durchgef\u00fchrt wurde. Solidarische \u00d6konomie existiert schon. Sie sichtbar zu machen und ihre Potenziale sowie Probleme aufzuzeigen, war das Anliegen der Projektgruppe.<\/p>\n<p><a href=\"http:\/\/www.uni-kassel.de\/upress\/online\/OpenAccess\/978-3-89958-443-1.OpenAccess.pdf\">PDF download<\/a><\/p>\n<\/div>\n\n\n<h3><br>Solidarische \u00d6konomien verbinden<\/h3>\n\n\n\n<h4>ksoe Dossier 2\/2018<\/h4>\n\n\n\n<p>Die gr\u00f6\u00dfere Perspektive Solidarischen Wirtschaftens ist, Wirtschaft und Gesellschaft sozial\u00f6kologisch zu transformieren. Das Dossier zeigt unterschiedliche Ans\u00e4tze und Praktiken auf und l\u00e4dt dazu ein, diese weiterzudenken und zu entwickeln, diese zu st\u00e4rken und zu verbinden. Andreas Exner (Schasching-Fellow der ksoe 2018\/19) und Markus Bl\u00fcmel w\u00fcnschen eine anregende Lekt\u00fcre!<\/p>\n\n\n\n<p><a href=\"http:\/\/vfsoe.de\/wp-content\/uploads\/2018\/12\/mfg_dossier_2_2018_korr_web.pdf\">PDF download<\/a><br><\/p>\n\n\n\n<p><br><\/p>\n\n\n\n<p><br><\/p>\n\n\n\n<p><\/p>\n","protected":false},"excerpt":{"rendered":"<p>\u00d6konomische Dimension des Friedens: Soziale Solidarische \u00d6konomie \u201eUnser Buch \u201eDie \u00f6konomische Dimension des Friedens: Soziale Solidarische \u00d6konomie\u201c zeigt auf, wie Instrumente, Organisationsformen und Methoden verschiedener Akteure zu einer Inklusion beitragen k\u00f6nnen. Dies ist wichtig f\u00fcr ganz Europa.Auch kann man darin <a class=\"more-link\" href=\"https:\/\/vfsoe.de\/?page_id=108\">weiterlesen  <span class=\"screen-reader-text\">  Publikationen<\/span><span class=\"meta-nav\">&rarr;<\/span><\/a><\/p>\n","protected":false},"author":1,"featured_media":0,"parent":0,"menu_order":0,"comment_status":"closed","ping_status":"closed","template":"","meta":[],"_links":{"self":[{"href":"https:\/\/vfsoe.de\/index.php?rest_route=\/wp\/v2\/pages\/108"}],"collection":[{"href":"https:\/\/vfsoe.de\/index.php?rest_route=\/wp\/v2\/pages"}],"about":[{"href":"https:\/\/vfsoe.de\/index.php?rest_route=\/wp\/v2\/types\/page"}],"author":[{"embeddable":true,"href":"https:\/\/vfsoe.de\/index.php?rest_route=\/wp\/v2\/users\/1"}],"replies":[{"embeddable":true,"href":"https:\/\/vfsoe.de\/index.php?rest_route=%2Fwp%2Fv2%2Fcomments&post=108"}],"version-history":[{"count":5,"href":"https:\/\/vfsoe.de\/index.php?rest_route=\/wp\/v2\/pages\/108\/revisions"}],"predecessor-version":[{"id":142,"href":"https:\/\/vfsoe.de\/index.php?rest_route=\/wp\/v2\/pages\/108\/revisions\/142"}],"wp:attachment":[{"href":"https:\/\/vfsoe.de\/index.php?rest_route=%2Fwp%2Fv2%2Fmedia&parent=108"}],"curies":[{"name":"wp","href":"https:\/\/api.w.org\/{rel}","templated":true}]}}